{"id":39,"date":"2024-04-12T01:13:49","date_gmt":"2024-04-11T23:13:49","guid":{"rendered":"https:\/\/gelatiamo.calabria.dev\/?page_id=39"},"modified":"2024-05-23T13:54:12","modified_gmt":"2024-05-23T11:54:12","slug":"cafes-gelatiamo","status":"publish","type":"page","link":"https:\/\/www.gelatiamo.eu\/es\/cafes-gelatiamo\/","title":{"rendered":"Caf\u00e9s"},"content":{"rendered":"\t\t<div data-elementor-type=\"wp-page\" data-elementor-id=\"39\" class=\"elementor elementor-39\" data-elementor-post-type=\"page\">\n\t\t\t\t<div class=\"elementor-element elementor-element-61ec0b12 e-con-full e-flex e-con e-parent\" data-id=\"61ec0b12\" data-element_type=\"container\" data-settings=\"{&quot;background_background&quot;:&quot;classic&quot;}\">\n\t\t<div class=\"elementor-element elementor-element-4b81547e e-con-full e-flex e-con e-child\" data-id=\"4b81547e\" data-element_type=\"container\">\n\t\t\t\t<div class=\"elementor-element elementor-element-78262f7a elementor-widget__width-inherit elementor-invisible elementor-widget elementor-widget-heading\" data-id=\"78262f7a\" data-element_type=\"widget\" data-settings=\"{&quot;_animation&quot;:&quot;fadeIn&quot;,&quot;_animation_mobile&quot;:&quot;fadeIn&quot;}\" data-widget_type=\"heading.default\">\n\t\t\t\t<div class=\"elementor-widget-container\">\n\t\t\t\t\t<h1 class=\"elementor-heading-title elementor-size-default\">Caf\u00e9s<\/h1>\t\t\t\t<\/div>\n\t\t\t\t<\/div>\n\t\t\t\t<div class=\"elementor-element elementor-element-550408f7 elementor-widget__width-inherit elementor-invisible elementor-widget elementor-widget-heading\" data-id=\"550408f7\" data-element_type=\"widget\" data-settings=\"{&quot;_animation&quot;:&quot;fadeIn&quot;,&quot;_animation_mobile&quot;:&quot;fadeIn&quot;}\" data-widget_type=\"heading.default\">\n\t\t\t\t<div class=\"elementor-widget-container\">\n\t\t\t\t\t<p class=\"elementor-heading-title elementor-size-default\">Practica el Arte de Saborear la Vida.<\/p>\t\t\t\t<\/div>\n\t\t\t\t<\/div>\n\t\t\t\t<\/div>\n\t\t\t\t<\/div>\n\t\t<div class=\"elementor-element elementor-element-7f71673b e-con-full e-flex e-con e-parent\" data-id=\"7f71673b\" data-element_type=\"container\" data-settings=\"{&quot;background_background&quot;:&quot;classic&quot;}\">\n\t\t<div class=\"elementor-element elementor-element-2c9fcbce e-con-full e-flex e-con e-child\" data-id=\"2c9fcbce\" data-element_type=\"container\">\n\t\t\t\t<div class=\"elementor-element elementor-element-48ff0f6 elementor-widget elementor-widget-text-editor\" data-id=\"48ff0f6\" data-element_type=\"widget\" data-settings=\"{&quot;_animation_tablet&quot;:&quot;fadeIn&quot;}\" data-widget_type=\"text-editor.default\">\n\t\t\t\t<div class=\"elementor-widget-container\">\n\t\t\t\t\t\t\t\t\t<h2><strong>La cafeter\u00eda perfecta para tus desayunos<\/strong><\/h2><p>El caf\u00e9 es la bebida predilecta para los desayunos y para tomar despu\u00e9s de las comidas. Su intenso aroma cuando est\u00e1 reci\u00e9n hecho es de los mejores junto con el pan reci\u00e9n horneado. Los amantes del caf\u00e9 disfrutan de esta bebida gracias a que existen diversos tipos de caf\u00e9, desde el m\u00e1s simple (caf\u00e9 solo) hasta los m\u00e1s completos (con leche, helado y nata).<\/p><p>En Gelatiamo queremos ofrecer los mejores productos elaborados con recetas artesanales e ingredientes de calidad.<\/p>\t\t\t\t\t\t\t\t<\/div>\n\t\t\t\t<\/div>\n\t\t\t\t<\/div>\n\t\t\t\t<div class=\"elementor-element elementor-element-7d84bb3 elementor-widget__width-initial elementor-widget elementor-widget-image\" data-id=\"7d84bb3\" data-element_type=\"widget\" data-settings=\"{&quot;motion_fx_motion_fx_scrolling&quot;:&quot;yes&quot;,&quot;motion_fx_rotateZ_effect&quot;:&quot;yes&quot;,&quot;motion_fx_rotateZ_speed&quot;:{&quot;unit&quot;:&quot;px&quot;,&quot;size&quot;:0.2,&quot;sizes&quot;:[]},&quot;motion_fx_rotateZ_affectedRange&quot;:{&quot;unit&quot;:&quot;%&quot;,&quot;size&quot;:&quot;&quot;,&quot;sizes&quot;:{&quot;start&quot;:0,&quot;end&quot;:100}},&quot;motion_fx_devices&quot;:[&quot;desktop&quot;,&quot;tablet&quot;,&quot;mobile&quot;]}\" data-widget_type=\"image.default\">\n\t\t\t\t<div class=\"elementor-widget-container\">\n\t\t\t\t\t\t\t\t\t\t\t\t\t\t\t<img fetchpriority=\"high\" decoding=\"async\" width=\"800\" height=\"800\" src=\"https:\/\/www.gelatiamo.eu\/wp-content\/uploads\/cafe-gelatiamo.png\" class=\"attachment-large size-large wp-image-478\" alt=\"cafes gelatiamo\" srcset=\"https:\/\/www.gelatiamo.eu\/wp-content\/uploads\/cafe-gelatiamo.png 800w, https:\/\/www.gelatiamo.eu\/wp-content\/uploads\/cafe-gelatiamo-300x300.png 300w, https:\/\/www.gelatiamo.eu\/wp-content\/uploads\/cafe-gelatiamo-150x150.png 150w, https:\/\/www.gelatiamo.eu\/wp-content\/uploads\/cafe-gelatiamo-768x768.png 768w\" sizes=\"(max-width: 800px) 100vw, 800px\" \/>\t\t\t\t\t\t\t\t\t\t\t\t\t\t\t<\/div>\n\t\t\t\t<\/div>\n\t\t\t\t<\/div>\n\t\t<div class=\"elementor-element elementor-element-bfdfdef e-flex e-con-boxed e-con e-parent\" data-id=\"bfdfdef\" data-element_type=\"container\" data-settings=\"{&quot;background_background&quot;:&quot;classic&quot;}\">\n\t\t\t\t\t<div class=\"e-con-inner\">\n\t\t\t\t<div class=\"elementor-element elementor-element-b4225bd elementor-widget__width-initial elementor-widget-mobile__width-inherit elementor-widget elementor-widget-text-editor\" data-id=\"b4225bd\" data-element_type=\"widget\" data-settings=\"{&quot;_animation_tablet&quot;:&quot;fadeIn&quot;}\" data-widget_type=\"text-editor.default\">\n\t\t\t\t<div class=\"elementor-widget-container\">\n\t\t\t\t\t\t\t\t\t<h3 class=\"theme-color\">Beneficios del caf\u00e9<\/h3><p>Por la ma\u00f1ana, en el almuerzo durante una pausa del trabajo y estudio, despu\u00e9s de la comida e incluso por la noche. Se trata de una de las bebidas que m\u00e1s se toman en el mundo y cuenta con una serie de grandes beneficios adem\u00e1s de su capacidad estimulante de la cafe\u00edna, su beneficio m\u00e1s famoso. \u00bfQuieres conocer el resto? Desde Gelatiamo te los contamos:<\/p><p><strong>&#8211; Rico en antioxidantes: <\/strong><br \/>Es un producto vegetal con antioxidantes en los granos de caf\u00e9 verde. Tambi\u00e9n es rico en polifenoles, los cuales luchan contra ciertos materiales corporales que favorecen el envejecimiento de los tejidos. Y, por si eso fuera poco, ayuda a prevenir enfermedades y a contar con una buena salud.<\/p><p><strong>&#8211; Perfecto para los deportistas:<\/strong><br \/>Todo deportista o persona que tenga que hacer un esfuerzo f\u00edsico grande, es recomendable que tome caf\u00e9, ya que la cafe\u00edna que lleva ayuda a que el cansancio se perciba m\u00e1s tarde, lo que favorece al rendimiento. Ayuda a estar m\u00e1s concentrado y en alerta.<\/p><p><strong>&#8211; Activaci\u00f3n del cerebro: <\/strong><br \/>Est\u00e1 claro que la cafe\u00edna mantiene la mente despierta y estimulada. Pero, \u00bfsab\u00edas que puede mejorar algunas funciones cognitivas? S\u00ed, lees bien. Esta bebida acelera los procesos cerebrales mejorando la memoria y concentraci\u00f3n.<\/p><p><strong>&#8211; Reducci\u00f3n del dolor de cabeza espor\u00e1dico: <\/strong><br \/>La cafe\u00edna tiene propiedades vasodilatadoras y ayuda a eliminar cefaleas. Pero si padeces migra\u00f1as, es mejor que optes por otra soluci\u00f3n.<\/p><p><strong>&#8211; Disfrutar de un buen momento: <\/strong><br \/>El mayor beneficio es que disfrutes de la bebida reci\u00e9n levantado, despu\u00e9s de la comida o con una buena conversaci\u00f3n. La motivaci\u00f3n y el buen humor son buenos para la salud y esta bebida es lo que produce. As\u00ed que, \u00bfpor qu\u00e9 privarse de ella?<\/p>\t\t\t\t\t\t\t\t<\/div>\n\t\t\t\t<\/div>\n\t\t\t\t\t<\/div>\n\t\t\t\t<\/div>\n\t\t<div class=\"elementor-element elementor-element-22354a14 e-con-full e-flex e-con e-parent\" data-id=\"22354a14\" data-element_type=\"container\" data-settings=\"{&quot;background_background&quot;:&quot;classic&quot;}\">\n\t\t\t\t<div class=\"elementor-element elementor-element-7f01898b elementor-widget__width-initial elementor-widget elementor-widget-image\" data-id=\"7f01898b\" data-element_type=\"widget\" data-widget_type=\"image.default\">\n\t\t\t\t<div class=\"elementor-widget-container\">\n\t\t\t\t\t\t\t\t\t\t\t\t\t\t\t<img decoding=\"async\" width=\"800\" height=\"800\" src=\"https:\/\/www.gelatiamo.eu\/wp-content\/uploads\/gelatiamo-cafe.jpg\" class=\"attachment-large size-large wp-image-529\" alt=\"gelatiamo cafe\" srcset=\"https:\/\/www.gelatiamo.eu\/wp-content\/uploads\/gelatiamo-cafe.jpg 800w, https:\/\/www.gelatiamo.eu\/wp-content\/uploads\/gelatiamo-cafe-300x300.jpg 300w, https:\/\/www.gelatiamo.eu\/wp-content\/uploads\/gelatiamo-cafe-150x150.jpg 150w, https:\/\/www.gelatiamo.eu\/wp-content\/uploads\/gelatiamo-cafe-768x768.jpg 768w\" sizes=\"(max-width: 800px) 100vw, 800px\" \/>\t\t\t\t\t\t\t\t\t\t\t\t\t\t\t<\/div>\n\t\t\t\t<\/div>\n\t\t\t\t<div class=\"elementor-element elementor-element-614b3873 elementor-widget__width-initial elementor-widget-mobile__width-inherit elementor-widget elementor-widget-text-editor\" data-id=\"614b3873\" data-element_type=\"widget\" data-settings=\"{&quot;_animation_tablet&quot;:&quot;fadeIn&quot;}\" data-widget_type=\"text-editor.default\">\n\t\t\t\t<div class=\"elementor-widget-container\">\n\t\t\t\t\t\t\t\t\t<h3 class=\"theme-color\">Carta de caf\u00e9s<\/h3><p>En <a href=\"https:\/\/www.gelatiamo.eu\/\">Gelatiamo<\/a> sabemos que un buen caf\u00e9 puede mejorar el d\u00eda. Da igual c\u00f3mo lo pidas, nosotros encontramos el punto exacto de tostado y su aroma tan caracter\u00edstico y embriagador. Trabajamos a diario para cuidar al m\u00e1ximo nuestro caf\u00e9 y sus acompa\u00f1amientos (leche, az\u00facar, helado\u2026)<\/p><p>\u00bfQuieres un caf\u00e9 reci\u00e9n hecho que te d\u00e9 energ\u00eda? Entonces, no puedes perderte la amplia variedad que ofrece la carta de Gelatiamo. Cuando lo pruebes, no querr\u00e1s tomar otro.<\/p>\t\t\t\t\t\t\t\t<\/div>\n\t\t\t\t<\/div>\n\t\t\t\t<\/div>\n\t\t\t\t<\/div>\n\t\t","protected":false},"excerpt":{"rendered":"<p>Practica el Arte de Saborear la Vida. La cafeter\u00eda perfecta para tus desayunos El caf\u00e9 es la bebida predilecta para los desayunos y para tomar despu\u00e9s de las comidas. Su intenso aroma cuando est\u00e1 reci\u00e9n hecho es de los mejores junto con el pan reci\u00e9n horneado. Los amantes del caf\u00e9 disfrutan de esta bebida gracias [&hellip;]<\/p>\n","protected":false},"author":1,"featured_media":478,"parent":0,"menu_order":0,"comment_status":"closed","ping_status":"closed","template":"","meta":{"footnotes":""},"class_list":["post-39","page","type-page","status-publish","has-post-thumbnail","hentry"],"yoast_head":"<!-- This site is optimized with the Yoast SEO plugin v26.8 - https:\/\/yoast.com\/product\/yoast-seo-wordpress\/ -->\n<title>Caf\u00e9s para saborear. Nuestra cafeter\u00eda - Gelatiamo<\/title>\n<meta name=\"description\" content=\"En Gelatiamo queremos ofrecer los mejores caf\u00e9s elaborados con recetas artesanales e ingredientes de calidad. Descubre nuestra cafeter\u00eda.\" \/>\n<meta name=\"robots\" content=\"index, follow, max-snippet:-1, max-image-preview:large, max-video-preview:-1\" \/>\n<link rel=\"canonical\" href=\"https:\/\/www.gelatiamo.eu\/es\/cafes-gelatiamo\/\" \/>\n<meta property=\"og:locale\" content=\"es_ES\" \/>\n<meta property=\"og:type\" content=\"article\" \/>\n<meta property=\"og:title\" content=\"Caf\u00e9s para saborear. Nuestra cafeter\u00eda - Gelatiamo\" \/>\n<meta property=\"og:description\" content=\"En Gelatiamo queremos ofrecer los mejores caf\u00e9s elaborados con recetas artesanales e ingredientes de calidad. Descubre nuestra cafeter\u00eda.\" \/>\n<meta property=\"og:url\" content=\"https:\/\/www.gelatiamo.eu\/es\/cafes-gelatiamo\/\" \/>\n<meta property=\"og:site_name\" content=\"Gelatiamo\" \/>\n<meta property=\"article:publisher\" content=\"https:\/\/www.facebook.com\/GelatsGelatiamo\" \/>\n<meta property=\"article:modified_time\" content=\"2024-05-23T11:54:12+00:00\" \/>\n<meta property=\"og:image\" content=\"https:\/\/www.gelatiamo.eu\/wp-content\/uploads\/cafe-gelatiamo.png\" \/>\n\t<meta property=\"og:image:width\" content=\"800\" \/>\n\t<meta property=\"og:image:height\" content=\"800\" \/>\n\t<meta property=\"og:image:type\" content=\"image\/png\" \/>\n<meta name=\"twitter:card\" content=\"summary_large_image\" \/>\n<meta name=\"twitter:label1\" content=\"Tiempo de lectura\" \/>\n\t<meta name=\"twitter:data1\" content=\"3 minutos\" \/>\n<script type=\"application\/ld+json\" class=\"yoast-schema-graph\">{\"@context\":\"https:\/\/schema.org\",\"@graph\":[{\"@type\":\"WebPage\",\"@id\":\"https:\/\/www.gelatiamo.eu\/es\/cafes-gelatiamo\/\",\"url\":\"https:\/\/www.gelatiamo.eu\/es\/cafes-gelatiamo\/\",\"name\":\"Caf\u00e9s para saborear. Nuestra cafeter\u00eda - Gelatiamo\",\"isPartOf\":{\"@id\":\"https:\/\/www.gelatiamo.eu\/es\/#website\"},\"primaryImageOfPage\":{\"@id\":\"https:\/\/www.gelatiamo.eu\/es\/cafes-gelatiamo\/#primaryimage\"},\"image\":{\"@id\":\"https:\/\/www.gelatiamo.eu\/es\/cafes-gelatiamo\/#primaryimage\"},\"thumbnailUrl\":\"https:\/\/www.gelatiamo.eu\/wp-content\/uploads\/cafe-gelatiamo.png\",\"datePublished\":\"2024-04-11T23:13:49+00:00\",\"dateModified\":\"2024-05-23T11:54:12+00:00\",\"description\":\"En Gelatiamo queremos ofrecer los mejores caf\u00e9s elaborados con recetas artesanales e ingredientes de calidad. Descubre nuestra cafeter\u00eda.\",\"breadcrumb\":{\"@id\":\"https:\/\/www.gelatiamo.eu\/es\/cafes-gelatiamo\/#breadcrumb\"},\"inLanguage\":\"es\",\"potentialAction\":[{\"@type\":\"ReadAction\",\"target\":[\"https:\/\/www.gelatiamo.eu\/es\/cafes-gelatiamo\/\"]}]},{\"@type\":\"ImageObject\",\"inLanguage\":\"es\",\"@id\":\"https:\/\/www.gelatiamo.eu\/es\/cafes-gelatiamo\/#primaryimage\",\"url\":\"https:\/\/www.gelatiamo.eu\/wp-content\/uploads\/cafe-gelatiamo.png\",\"contentUrl\":\"https:\/\/www.gelatiamo.eu\/wp-content\/uploads\/cafe-gelatiamo.png\",\"width\":800,\"height\":800,\"caption\":\"cafes gelatiamo\"},{\"@type\":\"BreadcrumbList\",\"@id\":\"https:\/\/www.gelatiamo.eu\/es\/cafes-gelatiamo\/#breadcrumb\",\"itemListElement\":[{\"@type\":\"ListItem\",\"position\":1,\"name\":\"Portada\",\"item\":\"https:\/\/www.gelatiamo.eu\/es\/\"},{\"@type\":\"ListItem\",\"position\":2,\"name\":\"Caf\u00e9s\"}]},{\"@type\":\"WebSite\",\"@id\":\"https:\/\/www.gelatiamo.eu\/es\/#website\",\"url\":\"https:\/\/www.gelatiamo.eu\/es\/\",\"name\":\"Gelatiamo\",\"description\":\"Disfruta del Arte de Saborear la Vida.\",\"publisher\":{\"@id\":\"https:\/\/www.gelatiamo.eu\/es\/#organization\"},\"potentialAction\":[{\"@type\":\"SearchAction\",\"target\":{\"@type\":\"EntryPoint\",\"urlTemplate\":\"https:\/\/www.gelatiamo.eu\/es\/?s={search_term_string}\"},\"query-input\":{\"@type\":\"PropertyValueSpecification\",\"valueRequired\":true,\"valueName\":\"search_term_string\"}}],\"inLanguage\":\"es\"},{\"@type\":\"Organization\",\"@id\":\"https:\/\/www.gelatiamo.eu\/es\/#organization\",\"name\":\"Gelatiamo\",\"url\":\"https:\/\/www.gelatiamo.eu\/es\/\",\"logo\":{\"@type\":\"ImageObject\",\"inLanguage\":\"es\",\"@id\":\"https:\/\/www.gelatiamo.eu\/es\/#\/schema\/logo\/image\/\",\"url\":\"https:\/\/www.gelatiamo.eu\/wp-content\/uploads\/2024\/04\/FAVICONGELATIAMO.svg\",\"contentUrl\":\"https:\/\/www.gelatiamo.eu\/wp-content\/uploads\/2024\/04\/FAVICONGELATIAMO.svg\",\"width\":18,\"height\":32,\"caption\":\"Gelatiamo\"},\"image\":{\"@id\":\"https:\/\/www.gelatiamo.eu\/es\/#\/schema\/logo\/image\/\"},\"sameAs\":[\"https:\/\/www.facebook.com\/GelatsGelatiamo\",\"https:\/\/www.instagram.com\/gelatiamo_world\/\"]}]}<\/script>\n<!-- \/ Yoast SEO plugin. -->","yoast_head_json":{"title":"Caf\u00e9s para saborear. Nuestra cafeter\u00eda - Gelatiamo","description":"En Gelatiamo queremos ofrecer los mejores caf\u00e9s elaborados con recetas artesanales e ingredientes de calidad. Descubre nuestra cafeter\u00eda.","robots":{"index":"index","follow":"follow","max-snippet":"max-snippet:-1","max-image-preview":"max-image-preview:large","max-video-preview":"max-video-preview:-1"},"canonical":"https:\/\/www.gelatiamo.eu\/es\/cafes-gelatiamo\/","og_locale":"es_ES","og_type":"article","og_title":"Caf\u00e9s para saborear. Nuestra cafeter\u00eda - Gelatiamo","og_description":"En Gelatiamo queremos ofrecer los mejores caf\u00e9s elaborados con recetas artesanales e ingredientes de calidad. Descubre nuestra cafeter\u00eda.","og_url":"https:\/\/www.gelatiamo.eu\/es\/cafes-gelatiamo\/","og_site_name":"Gelatiamo","article_publisher":"https:\/\/www.facebook.com\/GelatsGelatiamo","article_modified_time":"2024-05-23T11:54:12+00:00","og_image":[{"width":800,"height":800,"url":"https:\/\/www.gelatiamo.eu\/wp-content\/uploads\/cafe-gelatiamo.png","type":"image\/png"}],"twitter_card":"summary_large_image","twitter_misc":{"Tiempo de lectura":"3 minutos"},"schema":{"@context":"https:\/\/schema.org","@graph":[{"@type":"WebPage","@id":"https:\/\/www.gelatiamo.eu\/es\/cafes-gelatiamo\/","url":"https:\/\/www.gelatiamo.eu\/es\/cafes-gelatiamo\/","name":"Caf\u00e9s para saborear. Nuestra cafeter\u00eda - Gelatiamo","isPartOf":{"@id":"https:\/\/www.gelatiamo.eu\/es\/#website"},"primaryImageOfPage":{"@id":"https:\/\/www.gelatiamo.eu\/es\/cafes-gelatiamo\/#primaryimage"},"image":{"@id":"https:\/\/www.gelatiamo.eu\/es\/cafes-gelatiamo\/#primaryimage"},"thumbnailUrl":"https:\/\/www.gelatiamo.eu\/wp-content\/uploads\/cafe-gelatiamo.png","datePublished":"2024-04-11T23:13:49+00:00","dateModified":"2024-05-23T11:54:12+00:00","description":"En Gelatiamo queremos ofrecer los mejores caf\u00e9s elaborados con recetas artesanales e ingredientes de calidad. Descubre nuestra cafeter\u00eda.","breadcrumb":{"@id":"https:\/\/www.gelatiamo.eu\/es\/cafes-gelatiamo\/#breadcrumb"},"inLanguage":"es","potentialAction":[{"@type":"ReadAction","target":["https:\/\/www.gelatiamo.eu\/es\/cafes-gelatiamo\/"]}]},{"@type":"ImageObject","inLanguage":"es","@id":"https:\/\/www.gelatiamo.eu\/es\/cafes-gelatiamo\/#primaryimage","url":"https:\/\/www.gelatiamo.eu\/wp-content\/uploads\/cafe-gelatiamo.png","contentUrl":"https:\/\/www.gelatiamo.eu\/wp-content\/uploads\/cafe-gelatiamo.png","width":800,"height":800,"caption":"cafes gelatiamo"},{"@type":"BreadcrumbList","@id":"https:\/\/www.gelatiamo.eu\/es\/cafes-gelatiamo\/#breadcrumb","itemListElement":[{"@type":"ListItem","position":1,"name":"Portada","item":"https:\/\/www.gelatiamo.eu\/es\/"},{"@type":"ListItem","position":2,"name":"Caf\u00e9s"}]},{"@type":"WebSite","@id":"https:\/\/www.gelatiamo.eu\/es\/#website","url":"https:\/\/www.gelatiamo.eu\/es\/","name":"Gelatiamo","description":"Disfruta del Arte de Saborear la Vida.","publisher":{"@id":"https:\/\/www.gelatiamo.eu\/es\/#organization"},"potentialAction":[{"@type":"SearchAction","target":{"@type":"EntryPoint","urlTemplate":"https:\/\/www.gelatiamo.eu\/es\/?s={search_term_string}"},"query-input":{"@type":"PropertyValueSpecification","valueRequired":true,"valueName":"search_term_string"}}],"inLanguage":"es"},{"@type":"Organization","@id":"https:\/\/www.gelatiamo.eu\/es\/#organization","name":"Gelatiamo","url":"https:\/\/www.gelatiamo.eu\/es\/","logo":{"@type":"ImageObject","inLanguage":"es","@id":"https:\/\/www.gelatiamo.eu\/es\/#\/schema\/logo\/image\/","url":"https:\/\/www.gelatiamo.eu\/wp-content\/uploads\/2024\/04\/FAVICONGELATIAMO.svg","contentUrl":"https:\/\/www.gelatiamo.eu\/wp-content\/uploads\/2024\/04\/FAVICONGELATIAMO.svg","width":18,"height":32,"caption":"Gelatiamo"},"image":{"@id":"https:\/\/www.gelatiamo.eu\/es\/#\/schema\/logo\/image\/"},"sameAs":["https:\/\/www.facebook.com\/GelatsGelatiamo","https:\/\/www.instagram.com\/gelatiamo_world\/"]}]}},"_links":{"self":[{"href":"https:\/\/www.gelatiamo.eu\/es\/wp-json\/wp\/v2\/pages\/39","targetHints":{"allow":["GET"]}}],"collection":[{"href":"https:\/\/www.gelatiamo.eu\/es\/wp-json\/wp\/v2\/pages"}],"about":[{"href":"https:\/\/www.gelatiamo.eu\/es\/wp-json\/wp\/v2\/types\/page"}],"author":[{"embeddable":true,"href":"https:\/\/www.gelatiamo.eu\/es\/wp-json\/wp\/v2\/users\/1"}],"replies":[{"embeddable":true,"href":"https:\/\/www.gelatiamo.eu\/es\/wp-json\/wp\/v2\/comments?post=39"}],"version-history":[{"count":16,"href":"https:\/\/www.gelatiamo.eu\/es\/wp-json\/wp\/v2\/pages\/39\/revisions"}],"predecessor-version":[{"id":1196,"href":"https:\/\/www.gelatiamo.eu\/es\/wp-json\/wp\/v2\/pages\/39\/revisions\/1196"}],"wp:featuredmedia":[{"embeddable":true,"href":"https:\/\/www.gelatiamo.eu\/es\/wp-json\/wp\/v2\/media\/478"}],"wp:attachment":[{"href":"https:\/\/www.gelatiamo.eu\/es\/wp-json\/wp\/v2\/media?parent=39"}],"curies":[{"name":"wp","href":"https:\/\/api.w.org\/{rel}","templated":true}]}}